{"id":251,"date":"2020-06-08T16:25:53","date_gmt":"2020-06-08T14:25:53","guid":{"rendered":"http:\/\/www.synagogue-montevideo32.fr\/?page_id=251"},"modified":"2026-03-12T18:43:49","modified_gmt":"2026-03-12T17:43:49","slug":"le-magazine","status":"publish","type":"page","link":"https:\/\/www.synagogue-montevideo31.com\/?page_id=251","title":{"rendered":"Le Magazine"},"content":{"rendered":"\n<p>Vous trouverez sur cette page les diff\u00e9rents magazines \u00e9dit\u00e9s par la Communaut\u00e9, du plus r\u00e9cent, au plus ancien. Bonne lecture !<\/p>\n\n\n\n<div class=\"wp-block-columns is-layout-flex wp-container-core-columns-is-layout-9d6595d7 wp-block-columns-is-layout-flex\">\n<div class=\"wp-block-column is-layout-flow wp-block-column-is-layout-flow\">\n<p><a href=\"\/mags\/Montevideo web-72.pdf\" target=\"_blank\" rel=\"noreferrer noopener\">Le N\u00b072<\/a> (avril 2026)<\/p>\n\n\n\n<p><a href=\"\/mags\/Montevideo web71.pdf\" target=\"_blank\" rel=\"noreferrer noopener\">Le N\u00b071<\/a> (d\u00e9cembre 2025)<\/p>\n\n\n\n<p><a href=\"\/mags\/Montevideoweb-mag-sept25.pdf\" target=\"_blank\" rel=\"noreferrer noopener\">Le N\u00b070<\/a> (septembre 2025)<\/p>\n\n\n\n<p><a href=\"\/mags\/Montevideo web-Numero 69.pdf\" target=\"_blank\" rel=\"noreferrer noopener\">Le N\u00b069<\/a> (juin 2025)<\/p>\n\n\n\n<p><a href=\"\/mags\/Montevideo Web 25-04.pdf\" target=\"_blank\" rel=\"noreferrer noopener\">Le N\u00b068<\/a> (avril 2025)<\/p>\n\n\n\n<p><a href=\"\/mags\/Montevideo-67.pdf\" target=\"_blank\" rel=\"noreferrer noopener\">Le N\u00b067<\/a> (d\u00e9cembre 2024)<\/p>\n\n\n\n<p><a href=\"\/mags\/Montevideoweb-66.pdf\" target=\"_blank\" rel=\"noreferrer noopener\">Le N\u00b066<\/a> (septembre 2024)<\/p>\n\n\n\n<p><a href=\"\/mags\/Montevideo web-65.pdf\" target=\"_blank\" rel=\"noreferrer noopener\">Le N\u00b065<\/a> (juin 2024)<\/p>\n\n\n\n<p><a href=\"\/mags\/Montevideo web-64.pdf\" target=\"_blank\" rel=\"noreferrer noopener\">Le N\u00b064<\/a> (avril 2024)<\/p>\n\n\n\n<p><a href=\"\/mags\/Montevideo web-63.pdf\" target=\"_blank\" rel=\"noreferrer noopener\">Le N\u00b063<\/a> (d\u00e9cembre 2023)<\/p>\n\n\n\n<p><a href=\"\/mags\/mag-septembre-2023-62.pdf\" target=\"_blank\" rel=\"noreferrer noopener\">Le N\u00b062<\/a> (septembre 2023)<\/p>\n\n\n\n<p><a rel=\"noreferrer noopener\" href=\"\/mags\/Montevideo61.pdf\" target=\"_blank\">Le N\u00b061<\/a> (juin 2023)<\/p>\n\n\n\n<p><a rel=\"noreferrer noopener\" href=\"\/mags\/Montevideonum60.pdf\" target=\"_blank\">Le N\u00b060<\/a> (avril 2023)<\/p>\n\n\n\n<p><a rel=\"noreferrer noopener\" href=\"\/mags\/Montevideo nume\u0301ro 59.pdf\" target=\"_blank\">Le N\u00b059<\/a> (d\u00e9cembre 2022)<\/p>\n\n\n\n<p><a rel=\"noreferrer noopener\" href=\"\/mags\/Montevideo Tichri 5783N-58.pdf\" target=\"_blank\">Le N\u00b058<\/a> (septembre 2022)<\/p>\n\n\n\n<p><a rel=\"noreferrer noopener\" href=\"\/mags\/Montevideo57.pdf\" target=\"_blank\">Le N\u00b057<\/a> (juin 2022)<\/p>\n\n\n\n<p><a rel=\"noreferrer noopener\" href=\"\/mags\/Montevideo web-56.pdf\" target=\"_blank\">Le N\u00b056<\/a> (avril 2022)<\/p>\n\n\n\n<p><a rel=\"noreferrer noopener\" href=\"\/mags\/Montevideo Web N\u00b0 55.pdf\" target=\"_blank\">Le N\u00b055<\/a> (d\u00e9cembre 2021)<\/p>\n\n\n\n<p><a rel=\"noreferrer noopener\" href=\"\/mags\/Montevideo N\u00b0 54 - Tichri 5782 Web.pdf\" target=\"_blank\">Le N\u00b054<\/a> (septembre 2021)<\/p>\n\n\n\n<p><a rel=\"noreferrer noopener\" href=\"\/mags\/Montevideo-53.pdf\" target=\"_blank\">Le N\u00b053<\/a> (juin 2021)<\/p>\n\n\n\n<p><a href=\"\/mags\/Montevideo 52 web avec carnet en jpg.pdf\" target=\"_blank\" rel=\"noreferrer noopener\">Le N\u00b052<\/a> (avril 2021)<\/p>\n\n\n\n<p><a href=\"https:\/\/www.synagogue-montevideo31.com\/mags\/Montevideo-51-Hanouccah-2020.pdf\" target=\"_blank\" rel=\"noreferrer noopener\">Le N\u00b051<\/a> (d\u00e9cembre 2020)<\/p>\n\n\n\n<p><a href=\"\/mags\/Montevideo-50-Tichri.pdf\" target=\"_blank\" rel=\"noreferrer noopener\" data-type=\"URL\" data-id=\"\/mags\/Montevideo-50-Tichri.pdf\">Le N\u00b050<\/a> (septembre 2020)<\/p>\n\n\n\n<p><a href=\"\/mags\/Montevideo-49-Chavouot.pdf\" target=\"_blank\" rel=\"noreferrer noopener\">Le N\u00b049<\/a> (juin 2020)<\/p>\n\n\n\n<p><a href=\"\/mags\/Montevideo-48-Pessah.pdf\" target=\"_blank\" rel=\"noreferrer noopener\">Le N\u00b048<\/a> (avril 2020)<\/p>\n\n\n\n<p><a href=\"\/mags\/Montevideo-47.pdf\" target=\"_blank\" rel=\"noreferrer noopener\">Le N\u00b047<\/a> (d\u00e9cembre 2019)<\/p>\n\n\n\n<p><a href=\"\/mags\/Montevideo-46.pdf\" target=\"_blank\" rel=\"noreferrer noopener\">Le N\u00b046<\/a> (septembre 2019)<\/p>\n\n\n\n<p><a href=\"\/mags\/Montevideo-45.pdf\" target=\"_blank\" rel=\"noreferrer noopener\">Le N\u00b045<\/a> (juin 2019)<\/p>\n\n\n\n<p><a href=\"\/mags\/Montevideo-44.pdf\" target=\"_blank\" rel=\"noreferrer noopener\">Le N\u00b044<\/a> (avril 2019)<\/p>\n\n\n\n<p><a href=\"\/mags\/Montevideo-43.pdf\" target=\"_blank\" rel=\"noreferrer noopener\">Le N\u00b043<\/a> (d\u00e9cembre 2018)<\/p>\n\n\n\n<p><a href=\"\/mags\/Montevideo-42.pdf\" target=\"_blank\" rel=\"noreferrer noopener\">Le N\u00b042<\/a> (septembre 2018)<\/p>\n\n\n\n<p><a href=\"http:\/\/mags\/Montevideo-41\" data-type=\"URL\" data-id=\"http:\/\/mags\/Montevideo-41\">Le N\u00b041<\/a> ( juin 2018)<\/p>\n<\/div>\n\n\n\n<div class=\"wp-block-column is-layout-flow wp-block-column-is-layout-flow\">\n<figure class=\"wp-block-image size-large\"><img loading=\"lazy\" decoding=\"async\" width=\"726\" height=\"1024\" src=\"https:\/\/www.synagogue-montevideo31.com\/wp-content\/uploads\/2026\/03\/Capture-decran-2026-03-12-a-18.39.12-726x1024.png\" alt=\"\" class=\"wp-image-5168\" srcset=\"https:\/\/www.synagogue-montevideo31.com\/wp-content\/uploads\/2026\/03\/Capture-decran-2026-03-12-a-18.39.12-726x1024.png 726w, https:\/\/www.synagogue-montevideo31.com\/wp-content\/uploads\/2026\/03\/Capture-decran-2026-03-12-a-18.39.12-213x300.png 213w, https:\/\/www.synagogue-montevideo31.com\/wp-content\/uploads\/2026\/03\/Capture-decran-2026-03-12-a-18.39.12-768x1084.png 768w, https:\/\/www.synagogue-montevideo31.com\/wp-content\/uploads\/2026\/03\/Capture-decran-2026-03-12-a-18.39.12-1088x1536.png 1088w, https:\/\/www.synagogue-montevideo31.com\/wp-content\/uploads\/2026\/03\/Capture-decran-2026-03-12-a-18.39.12-600x847.png 600w, https:\/\/www.synagogue-montevideo31.com\/wp-content\/uploads\/2026\/03\/Capture-decran-2026-03-12-a-18.39.12.png 1104w\" sizes=\"auto, (max-width: 726px) 100vw, 726px\" \/><\/figure>\n\n\n\n<figure class=\"wp-block-image size-large\"><img loading=\"lazy\" decoding=\"async\" width=\"723\" height=\"1024\" src=\"https:\/\/www.synagogue-montevideo31.com\/wp-content\/uploads\/2025\/12\/Capture-decran-2025-12-03-a-00.04.04-723x1024.png\" alt=\"\" class=\"wp-image-5161\" srcset=\"https:\/\/www.synagogue-montevideo31.com\/wp-content\/uploads\/2025\/12\/Capture-decran-2025-12-03-a-00.04.04-723x1024.png 723w, https:\/\/www.synagogue-montevideo31.com\/wp-content\/uploads\/2025\/12\/Capture-decran-2025-12-03-a-00.04.04-212x300.png 212w, https:\/\/www.synagogue-montevideo31.com\/wp-content\/uploads\/2025\/12\/Capture-decran-2025-12-03-a-00.04.04-768x1087.png 768w, https:\/\/www.synagogue-montevideo31.com\/wp-content\/uploads\/2025\/12\/Capture-decran-2025-12-03-a-00.04.04-600x849.png 600w, https:\/\/www.synagogue-montevideo31.com\/wp-content\/uploads\/2025\/12\/Capture-decran-2025-12-03-a-00.04.04.png 1078w\" sizes=\"auto, (max-width: 723px) 100vw, 723px\" \/><\/figure>\n\n\n\n<figure class=\"wp-block-image size-large\"><img loading=\"lazy\" decoding=\"async\" width=\"753\" height=\"1024\" src=\"https:\/\/www.synagogue-montevideo31.com\/wp-content\/uploads\/2025\/09\/Capture-decran-2025-09-18-a-23.21.01-753x1024.png\" alt=\"\" class=\"wp-image-5126\" srcset=\"https:\/\/www.synagogue-montevideo31.com\/wp-content\/uploads\/2025\/09\/Capture-decran-2025-09-18-a-23.21.01-753x1024.png 753w, https:\/\/www.synagogue-montevideo31.com\/wp-content\/uploads\/2025\/09\/Capture-decran-2025-09-18-a-23.21.01-221x300.png 221w, https:\/\/www.synagogue-montevideo31.com\/wp-content\/uploads\/2025\/09\/Capture-decran-2025-09-18-a-23.21.01-768x1044.png 768w, https:\/\/www.synagogue-montevideo31.com\/wp-content\/uploads\/2025\/09\/Capture-decran-2025-09-18-a-23.21.01-600x815.png 600w, https:\/\/www.synagogue-montevideo31.com\/wp-content\/uploads\/2025\/09\/Capture-decran-2025-09-18-a-23.21.01.png 1114w\" sizes=\"auto, (max-width: 753px) 100vw, 753px\" \/><\/figure>\n\n\n\n<figure class=\"wp-block-image size-large\"><img loading=\"lazy\" decoding=\"async\" width=\"713\" height=\"1024\" src=\"https:\/\/www.synagogue-montevideo31.com\/wp-content\/uploads\/2025\/05\/Capture-decran-2025-05-21-a-15.04.35-713x1024.png\" alt=\"\" class=\"wp-image-4900\" srcset=\"https:\/\/www.synagogue-montevideo31.com\/wp-content\/uploads\/2025\/05\/Capture-decran-2025-05-21-a-15.04.35-713x1024.png 713w, https:\/\/www.synagogue-montevideo31.com\/wp-content\/uploads\/2025\/05\/Capture-decran-2025-05-21-a-15.04.35-209x300.png 209w, https:\/\/www.synagogue-montevideo31.com\/wp-content\/uploads\/2025\/05\/Capture-decran-2025-05-21-a-15.04.35-768x1103.png 768w, https:\/\/www.synagogue-montevideo31.com\/wp-content\/uploads\/2025\/05\/Capture-decran-2025-05-21-a-15.04.35-600x862.png 600w, https:\/\/www.synagogue-montevideo31.com\/wp-content\/uploads\/2025\/05\/Capture-decran-2025-05-21-a-15.04.35.png 876w\" sizes=\"auto, (max-width: 713px) 100vw, 713px\" \/><\/figure>\n\n\n\n<figure class=\"wp-block-image size-large\"><img loading=\"lazy\" decoding=\"async\" width=\"722\" height=\"1024\" src=\"https:\/\/www.synagogue-montevideo31.com\/wp-content\/uploads\/2025\/03\/Capture-decran-2025-03-22-a-23.37.21-722x1024.png\" alt=\"\" class=\"wp-image-4794\" srcset=\"https:\/\/www.synagogue-montevideo31.com\/wp-content\/uploads\/2025\/03\/Capture-decran-2025-03-22-a-23.37.21-722x1024.png 722w, https:\/\/www.synagogue-montevideo31.com\/wp-content\/uploads\/2025\/03\/Capture-decran-2025-03-22-a-23.37.21-211x300.png 211w, https:\/\/www.synagogue-montevideo31.com\/wp-content\/uploads\/2025\/03\/Capture-decran-2025-03-22-a-23.37.21-768x1090.png 768w, https:\/\/www.synagogue-montevideo31.com\/wp-content\/uploads\/2025\/03\/Capture-decran-2025-03-22-a-23.37.21-600x851.png 600w, https:\/\/www.synagogue-montevideo31.com\/wp-content\/uploads\/2025\/03\/Capture-decran-2025-03-22-a-23.37.21.png 998w\" sizes=\"auto, (max-width: 722px) 100vw, 722px\" \/><\/figure>\n\n\n\n<figure class=\"wp-block-image size-large\"><img loading=\"lazy\" decoding=\"async\" width=\"726\" height=\"1024\" src=\"https:\/\/www.synagogue-montevideo31.com\/wp-content\/uploads\/2024\/12\/Capture-decran-2024-12-04-a-23.46.25-726x1024.png\" alt=\"\" class=\"wp-image-4618\" srcset=\"https:\/\/www.synagogue-montevideo31.com\/wp-content\/uploads\/2024\/12\/Capture-decran-2024-12-04-a-23.46.25-726x1024.png 726w, https:\/\/www.synagogue-montevideo31.com\/wp-content\/uploads\/2024\/12\/Capture-decran-2024-12-04-a-23.46.25-213x300.png 213w, https:\/\/www.synagogue-montevideo31.com\/wp-content\/uploads\/2024\/12\/Capture-decran-2024-12-04-a-23.46.25-768x1083.png 768w, https:\/\/www.synagogue-montevideo31.com\/wp-content\/uploads\/2024\/12\/Capture-decran-2024-12-04-a-23.46.25-600x846.png 600w, https:\/\/www.synagogue-montevideo31.com\/wp-content\/uploads\/2024\/12\/Capture-decran-2024-12-04-a-23.46.25.png 1000w\" sizes=\"auto, (max-width: 726px) 100vw, 726px\" \/><\/figure>\n\n\n\n<figure class=\"wp-block-image size-large\"><img loading=\"lazy\" decoding=\"async\" width=\"743\" height=\"1024\" src=\"https:\/\/www.synagogue-montevideo31.com\/wp-content\/uploads\/2024\/09\/Capture-decran-2024-09-11-a-22.04.13-743x1024.png\" alt=\"\" class=\"wp-image-4415\" srcset=\"https:\/\/www.synagogue-montevideo31.com\/wp-content\/uploads\/2024\/09\/Capture-decran-2024-09-11-a-22.04.13-743x1024.png 743w, https:\/\/www.synagogue-montevideo31.com\/wp-content\/uploads\/2024\/09\/Capture-decran-2024-09-11-a-22.04.13-218x300.png 218w, https:\/\/www.synagogue-montevideo31.com\/wp-content\/uploads\/2024\/09\/Capture-decran-2024-09-11-a-22.04.13-768x1059.png 768w, https:\/\/www.synagogue-montevideo31.com\/wp-content\/uploads\/2024\/09\/Capture-decran-2024-09-11-a-22.04.13-600x827.png 600w, https:\/\/www.synagogue-montevideo31.com\/wp-content\/uploads\/2024\/09\/Capture-decran-2024-09-11-a-22.04.13.png 1068w\" sizes=\"auto, (max-width: 743px) 100vw, 743px\" \/><\/figure>\n\n\n\n<figure class=\"wp-block-image size-large is-resized\"><img loading=\"lazy\" decoding=\"async\" width=\"742\" height=\"1024\" src=\"https:\/\/www.synagogue-montevideo31.com\/wp-content\/uploads\/2024\/05\/Capture-decran-2024-05-26-a-18.06.48-742x1024.png\" alt=\"\" class=\"wp-image-4298\" style=\"width:274px;height:auto\" srcset=\"https:\/\/www.synagogue-montevideo31.com\/wp-content\/uploads\/2024\/05\/Capture-decran-2024-05-26-a-18.06.48-742x1024.png 742w, https:\/\/www.synagogue-montevideo31.com\/wp-content\/uploads\/2024\/05\/Capture-decran-2024-05-26-a-18.06.48-217x300.png 217w, https:\/\/www.synagogue-montevideo31.com\/wp-content\/uploads\/2024\/05\/Capture-decran-2024-05-26-a-18.06.48-768x1060.png 768w, https:\/\/www.synagogue-montevideo31.com\/wp-content\/uploads\/2024\/05\/Capture-decran-2024-05-26-a-18.06.48-600x828.png 600w, https:\/\/www.synagogue-montevideo31.com\/wp-content\/uploads\/2024\/05\/Capture-decran-2024-05-26-a-18.06.48.png 1026w\" sizes=\"auto, (max-width: 742px) 100vw, 742px\" \/><\/figure>\n\n\n\n<figure class=\"wp-block-image size-large\"><img loading=\"lazy\" decoding=\"async\" width=\"724\" height=\"1024\" src=\"https:\/\/www.synagogue-montevideo31.com\/wp-content\/uploads\/2024\/03\/Capture-decran-2024-03-28-a-22.52.24-724x1024.png\" alt=\"\" class=\"wp-image-4215\" srcset=\"https:\/\/www.synagogue-montevideo31.com\/wp-content\/uploads\/2024\/03\/Capture-decran-2024-03-28-a-22.52.24-724x1024.png 724w, https:\/\/www.synagogue-montevideo31.com\/wp-content\/uploads\/2024\/03\/Capture-decran-2024-03-28-a-22.52.24-212x300.png 212w, https:\/\/www.synagogue-montevideo31.com\/wp-content\/uploads\/2024\/03\/Capture-decran-2024-03-28-a-22.52.24-768x1086.png 768w, https:\/\/www.synagogue-montevideo31.com\/wp-content\/uploads\/2024\/03\/Capture-decran-2024-03-28-a-22.52.24-600x849.png 600w, https:\/\/www.synagogue-montevideo31.com\/wp-content\/uploads\/2024\/03\/Capture-decran-2024-03-28-a-22.52.24.png 898w\" sizes=\"auto, (max-width: 724px) 100vw, 724px\" \/><\/figure>\n\n\n\n<figure class=\"wp-block-image size-large\"><img loading=\"lazy\" decoding=\"async\" width=\"771\" height=\"1024\" src=\"https:\/\/www.synagogue-montevideo31.com\/wp-content\/uploads\/2023\/12\/Capture-decran-2023-12-06-a-22.35.36-771x1024.png\" alt=\"\" class=\"wp-image-4095\" srcset=\"https:\/\/www.synagogue-montevideo31.com\/wp-content\/uploads\/2023\/12\/Capture-decran-2023-12-06-a-22.35.36-771x1024.png 771w, https:\/\/www.synagogue-montevideo31.com\/wp-content\/uploads\/2023\/12\/Capture-decran-2023-12-06-a-22.35.36-226x300.png 226w, https:\/\/www.synagogue-montevideo31.com\/wp-content\/uploads\/2023\/12\/Capture-decran-2023-12-06-a-22.35.36-768x1020.png 768w, https:\/\/www.synagogue-montevideo31.com\/wp-content\/uploads\/2023\/12\/Capture-decran-2023-12-06-a-22.35.36-600x797.png 600w, https:\/\/www.synagogue-montevideo31.com\/wp-content\/uploads\/2023\/12\/Capture-decran-2023-12-06-a-22.35.36.png 1022w\" sizes=\"auto, (max-width: 771px) 100vw, 771px\" \/><\/figure>\n\n\n\n<figure class=\"wp-block-image size-large\"><img loading=\"lazy\" decoding=\"async\" width=\"719\" height=\"1024\" src=\"https:\/\/www.synagogue-montevideo31.com\/wp-content\/uploads\/2023\/09\/Capture-decran-2023-09-09-a-11.42.44-719x1024.png\" alt=\"\" class=\"wp-image-3958\" srcset=\"https:\/\/www.synagogue-montevideo31.com\/wp-content\/uploads\/2023\/09\/Capture-decran-2023-09-09-a-11.42.44-719x1024.png 719w, https:\/\/www.synagogue-montevideo31.com\/wp-content\/uploads\/2023\/09\/Capture-decran-2023-09-09-a-11.42.44-211x300.png 211w, https:\/\/www.synagogue-montevideo31.com\/wp-content\/uploads\/2023\/09\/Capture-decran-2023-09-09-a-11.42.44-768x1094.png 768w, https:\/\/www.synagogue-montevideo31.com\/wp-content\/uploads\/2023\/09\/Capture-decran-2023-09-09-a-11.42.44-600x854.png 600w, https:\/\/www.synagogue-montevideo31.com\/wp-content\/uploads\/2023\/09\/Capture-decran-2023-09-09-a-11.42.44.png 868w\" sizes=\"auto, (max-width: 719px) 100vw, 719px\" \/><\/figure>\n\n\n\n<figure class=\"wp-block-image size-large\"><img loading=\"lazy\" decoding=\"async\" width=\"729\" height=\"1024\" src=\"https:\/\/www.synagogue-montevideo31.com\/wp-content\/uploads\/2023\/05\/Capture-decran-2023-05-03-a-22.36.58-729x1024.png\" alt=\"\" class=\"wp-image-3805\" srcset=\"https:\/\/www.synagogue-montevideo31.com\/wp-content\/uploads\/2023\/05\/Capture-decran-2023-05-03-a-22.36.58-729x1024.png 729w, https:\/\/www.synagogue-montevideo31.com\/wp-content\/uploads\/2023\/05\/Capture-decran-2023-05-03-a-22.36.58-214x300.png 214w, https:\/\/www.synagogue-montevideo31.com\/wp-content\/uploads\/2023\/05\/Capture-decran-2023-05-03-a-22.36.58-768x1078.png 768w, https:\/\/www.synagogue-montevideo31.com\/wp-content\/uploads\/2023\/05\/Capture-decran-2023-05-03-a-22.36.58-600x842.png 600w, https:\/\/www.synagogue-montevideo31.com\/wp-content\/uploads\/2023\/05\/Capture-decran-2023-05-03-a-22.36.58.png 1020w\" sizes=\"auto, (max-width: 729px) 100vw, 729px\" \/><\/figure>\n\n\n\n<figure class=\"wp-block-image size-large\"><img loading=\"lazy\" decoding=\"async\" width=\"730\" height=\"1024\" src=\"https:\/\/www.synagogue-montevideo31.com\/wp-content\/uploads\/2023\/03\/Capture-decran-2023-03-23-a-09.13.56-730x1024.png\" alt=\"\" class=\"wp-image-3733\" srcset=\"https:\/\/www.synagogue-montevideo31.com\/wp-content\/uploads\/2023\/03\/Capture-decran-2023-03-23-a-09.13.56-730x1024.png 730w, https:\/\/www.synagogue-montevideo31.com\/wp-content\/uploads\/2023\/03\/Capture-decran-2023-03-23-a-09.13.56-214x300.png 214w, https:\/\/www.synagogue-montevideo31.com\/wp-content\/uploads\/2023\/03\/Capture-decran-2023-03-23-a-09.13.56-768x1077.png 768w, https:\/\/www.synagogue-montevideo31.com\/wp-content\/uploads\/2023\/03\/Capture-decran-2023-03-23-a-09.13.56-600x842.png 600w, https:\/\/www.synagogue-montevideo31.com\/wp-content\/uploads\/2023\/03\/Capture-decran-2023-03-23-a-09.13.56.png 914w\" sizes=\"auto, (max-width: 730px) 100vw, 730px\" \/><\/figure>\n\n\n\n<figure class=\"wp-block-image size-large\"><img loading=\"lazy\" decoding=\"async\" width=\"727\" height=\"1024\" src=\"https:\/\/www.synagogue-montevideo31.com\/wp-content\/uploads\/2022\/12\/Capture-decran-2022-12-08-a-17.50.14-727x1024.png\" alt=\"\" class=\"wp-image-3494\" srcset=\"https:\/\/www.synagogue-montevideo31.com\/wp-content\/uploads\/2022\/12\/Capture-decran-2022-12-08-a-17.50.14-727x1024.png 727w, https:\/\/www.synagogue-montevideo31.com\/wp-content\/uploads\/2022\/12\/Capture-decran-2022-12-08-a-17.50.14-213x300.png 213w, https:\/\/www.synagogue-montevideo31.com\/wp-content\/uploads\/2022\/12\/Capture-decran-2022-12-08-a-17.50.14-768x1082.png 768w, https:\/\/www.synagogue-montevideo31.com\/wp-content\/uploads\/2022\/12\/Capture-decran-2022-12-08-a-17.50.14-600x845.png 600w, https:\/\/www.synagogue-montevideo31.com\/wp-content\/uploads\/2022\/12\/Capture-decran-2022-12-08-a-17.50.14.png 964w\" sizes=\"auto, (max-width: 727px) 100vw, 727px\" \/><\/figure>\n\n\n\n<figure class=\"wp-block-image size-large\"><img loading=\"lazy\" decoding=\"async\" width=\"725\" height=\"1024\" src=\"https:\/\/www.synagogue-montevideo31.com\/wp-content\/uploads\/2022\/09\/Capture-de\u0301cran-2022-09-21-a\u0300-21.56.04-725x1024.png\" alt=\"\" class=\"wp-image-3400\" srcset=\"https:\/\/www.synagogue-montevideo31.com\/wp-content\/uploads\/2022\/09\/Capture-de\u0301cran-2022-09-21-a\u0300-21.56.04-725x1024.png 725w, https:\/\/www.synagogue-montevideo31.com\/wp-content\/uploads\/2022\/09\/Capture-de\u0301cran-2022-09-21-a\u0300-21.56.04-212x300.png 212w, https:\/\/www.synagogue-montevideo31.com\/wp-content\/uploads\/2022\/09\/Capture-de\u0301cran-2022-09-21-a\u0300-21.56.04-768x1085.png 768w, https:\/\/www.synagogue-montevideo31.com\/wp-content\/uploads\/2022\/09\/Capture-de\u0301cran-2022-09-21-a\u0300-21.56.04-1087x1536.png 1087w, https:\/\/www.synagogue-montevideo31.com\/wp-content\/uploads\/2022\/09\/Capture-de\u0301cran-2022-09-21-a\u0300-21.56.04-600x848.png 600w, https:\/\/www.synagogue-montevideo31.com\/wp-content\/uploads\/2022\/09\/Capture-de\u0301cran-2022-09-21-a\u0300-21.56.04.png 1152w\" sizes=\"auto, (max-width: 725px) 100vw, 725px\" \/><\/figure>\n\n\n\n<figure class=\"wp-block-image size-large\"><img loading=\"lazy\" decoding=\"async\" width=\"724\" height=\"1024\" src=\"https:\/\/www.synagogue-montevideo31.com\/wp-content\/uploads\/2022\/05\/Capture-de\u0301cran-2022-05-23-a\u0300-22.45.11-724x1024.png\" alt=\"\" class=\"wp-image-3198\" srcset=\"https:\/\/www.synagogue-montevideo31.com\/wp-content\/uploads\/2022\/05\/Capture-de\u0301cran-2022-05-23-a\u0300-22.45.11-724x1024.png 724w, https:\/\/www.synagogue-montevideo31.com\/wp-content\/uploads\/2022\/05\/Capture-de\u0301cran-2022-05-23-a\u0300-22.45.11-212x300.png 212w, https:\/\/www.synagogue-montevideo31.com\/wp-content\/uploads\/2022\/05\/Capture-de\u0301cran-2022-05-23-a\u0300-22.45.11-768x1086.png 768w, https:\/\/www.synagogue-montevideo31.com\/wp-content\/uploads\/2022\/05\/Capture-de\u0301cran-2022-05-23-a\u0300-22.45.11-600x848.png 600w, https:\/\/www.synagogue-montevideo31.com\/wp-content\/uploads\/2022\/05\/Capture-de\u0301cran-2022-05-23-a\u0300-22.45.11.png 928w\" sizes=\"auto, (max-width: 724px) 100vw, 724px\" \/><\/figure>\n\n\n\n<figure class=\"wp-block-image size-large\"><img loading=\"lazy\" decoding=\"async\" width=\"732\" height=\"1024\" src=\"https:\/\/www.synagogue-montevideo31.com\/wp-content\/uploads\/2022\/04\/Capture-de\u0301cran-2022-04-05-a\u0300-23.47.44-732x1024.png\" alt=\"\" class=\"wp-image-3155\" srcset=\"https:\/\/www.synagogue-montevideo31.com\/wp-content\/uploads\/2022\/04\/Capture-de\u0301cran-2022-04-05-a\u0300-23.47.44-732x1024.png 732w, https:\/\/www.synagogue-montevideo31.com\/wp-content\/uploads\/2022\/04\/Capture-de\u0301cran-2022-04-05-a\u0300-23.47.44-214x300.png 214w, https:\/\/www.synagogue-montevideo31.com\/wp-content\/uploads\/2022\/04\/Capture-de\u0301cran-2022-04-05-a\u0300-23.47.44-768x1074.png 768w, https:\/\/www.synagogue-montevideo31.com\/wp-content\/uploads\/2022\/04\/Capture-de\u0301cran-2022-04-05-a\u0300-23.47.44-1098x1536.png 1098w, https:\/\/www.synagogue-montevideo31.com\/wp-content\/uploads\/2022\/04\/Capture-de\u0301cran-2022-04-05-a\u0300-23.47.44-600x839.png 600w, https:\/\/www.synagogue-montevideo31.com\/wp-content\/uploads\/2022\/04\/Capture-de\u0301cran-2022-04-05-a\u0300-23.47.44.png 1164w\" sizes=\"auto, (max-width: 732px) 100vw, 732px\" \/><\/figure>\n\n\n\n<figure class=\"wp-block-image size-large\"><img loading=\"lazy\" decoding=\"async\" width=\"722\" height=\"1024\" src=\"https:\/\/www.synagogue-montevideo31.com\/wp-content\/uploads\/2021\/11\/Capture-de\u0301cran-2021-11-17-a\u0300-23.17.11-722x1024.png\" alt=\"\" class=\"wp-image-2910\" srcset=\"https:\/\/www.synagogue-montevideo31.com\/wp-content\/uploads\/2021\/11\/Capture-de\u0301cran-2021-11-17-a\u0300-23.17.11-722x1024.png 722w, https:\/\/www.synagogue-montevideo31.com\/wp-content\/uploads\/2021\/11\/Capture-de\u0301cran-2021-11-17-a\u0300-23.17.11-212x300.png 212w, https:\/\/www.synagogue-montevideo31.com\/wp-content\/uploads\/2021\/11\/Capture-de\u0301cran-2021-11-17-a\u0300-23.17.11-768x1089.png 768w, https:\/\/www.synagogue-montevideo31.com\/wp-content\/uploads\/2021\/11\/Capture-de\u0301cran-2021-11-17-a\u0300-23.17.11-600x851.png 600w, https:\/\/www.synagogue-montevideo31.com\/wp-content\/uploads\/2021\/11\/Capture-de\u0301cran-2021-11-17-a\u0300-23.17.11.png 966w\" sizes=\"auto, (max-width: 722px) 100vw, 722px\" \/><\/figure>\n\n\n\n<figure class=\"wp-block-image size-large\"><img loading=\"lazy\" decoding=\"async\" width=\"728\" height=\"1024\" src=\"https:\/\/www.synagogue-montevideo31.com\/wp-content\/uploads\/2021\/09\/Capture-de\u0301cran-2021-09-10-a\u0300-12.16.50-728x1024.png\" alt=\"\" class=\"wp-image-2727\" srcset=\"https:\/\/www.synagogue-montevideo31.com\/wp-content\/uploads\/2021\/09\/Capture-de\u0301cran-2021-09-10-a\u0300-12.16.50-728x1024.png 728w, https:\/\/www.synagogue-montevideo31.com\/wp-content\/uploads\/2021\/09\/Capture-de\u0301cran-2021-09-10-a\u0300-12.16.50-213x300.png 213w, https:\/\/www.synagogue-montevideo31.com\/wp-content\/uploads\/2021\/09\/Capture-de\u0301cran-2021-09-10-a\u0300-12.16.50-768x1080.png 768w, https:\/\/www.synagogue-montevideo31.com\/wp-content\/uploads\/2021\/09\/Capture-de\u0301cran-2021-09-10-a\u0300-12.16.50-600x844.png 600w, https:\/\/www.synagogue-montevideo31.com\/wp-content\/uploads\/2021\/09\/Capture-de\u0301cran-2021-09-10-a\u0300-12.16.50.png 930w\" sizes=\"auto, (max-width: 728px) 100vw, 728px\" \/><\/figure>\n\n\n\n<figure class=\"wp-block-image size-large\"><img loading=\"lazy\" decoding=\"async\" width=\"728\" height=\"1024\" src=\"https:\/\/www.synagogue-montevideo31.com\/wp-content\/uploads\/2020\/12\/Couverture-Journal-51-728x1024.jpg\" alt=\"\" class=\"wp-image-2006\" srcset=\"https:\/\/www.synagogue-montevideo31.com\/wp-content\/uploads\/2020\/12\/Couverture-Journal-51-728x1024.jpg 728w, https:\/\/www.synagogue-montevideo31.com\/wp-content\/uploads\/2020\/12\/Couverture-Journal-51-213x300.jpg 213w, https:\/\/www.synagogue-montevideo31.com\/wp-content\/uploads\/2020\/12\/Couverture-Journal-51-768x1081.jpg 768w, https:\/\/www.synagogue-montevideo31.com\/wp-content\/uploads\/2020\/12\/Couverture-Journal-51.jpg 1059w\" sizes=\"auto, (max-width: 728px) 100vw, 728px\" \/><\/figure>\n\n\n\n<figure class=\"wp-block-image size-large\"><img loading=\"lazy\" decoding=\"async\" width=\"725\" height=\"1024\" src=\"https:\/\/www.synagogue-montevideo32.fr\/wp-content\/uploads\/2020\/09\/couvertureMagazineN\u00b047-725x1024.jpg\" alt=\"\" class=\"wp-image-1578\" srcset=\"https:\/\/www.synagogue-montevideo31.com\/wp-content\/uploads\/2020\/09\/couvertureMagazineN\u00b047-725x1024.jpg 725w, https:\/\/www.synagogue-montevideo31.com\/wp-content\/uploads\/2020\/09\/couvertureMagazineN\u00b047-212x300.jpg 212w, https:\/\/www.synagogue-montevideo31.com\/wp-content\/uploads\/2020\/09\/couvertureMagazineN\u00b047-768x1085.jpg 768w, https:\/\/www.synagogue-montevideo31.com\/wp-content\/uploads\/2020\/09\/couvertureMagazineN\u00b047-600x848.jpg 600w, https:\/\/www.synagogue-montevideo31.com\/wp-content\/uploads\/2020\/09\/couvertureMagazineN\u00b047.jpg 1049w\" sizes=\"auto, (max-width: 725px) 100vw, 725px\" \/><\/figure>\n<\/div>\n\n\n\n<div class=\"wp-block-column is-layout-flow wp-block-column-is-layout-flow\">\n<figure class=\"wp-block-image size-large\"><img loading=\"lazy\" decoding=\"async\" width=\"721\" height=\"1024\" src=\"https:\/\/www.synagogue-montevideo31.com\/wp-content\/uploads\/2021\/05\/Capture-de\u0301cran-2021-05-13-a\u0300-00.22.36-721x1024.png\" alt=\"\" class=\"wp-image-2399\" srcset=\"https:\/\/www.synagogue-montevideo31.com\/wp-content\/uploads\/2021\/05\/Capture-de\u0301cran-2021-05-13-a\u0300-00.22.36-721x1024.png 721w, https:\/\/www.synagogue-montevideo31.com\/wp-content\/uploads\/2021\/05\/Capture-de\u0301cran-2021-05-13-a\u0300-00.22.36-211x300.png 211w, https:\/\/www.synagogue-montevideo31.com\/wp-content\/uploads\/2021\/05\/Capture-de\u0301cran-2021-05-13-a\u0300-00.22.36-768x1090.png 768w, https:\/\/www.synagogue-montevideo31.com\/wp-content\/uploads\/2021\/05\/Capture-de\u0301cran-2021-05-13-a\u0300-00.22.36-600x852.png 600w, https:\/\/www.synagogue-montevideo31.com\/wp-content\/uploads\/2021\/05\/Capture-de\u0301cran-2021-05-13-a\u0300-00.22.36.png 858w\" sizes=\"auto, (max-width: 721px) 100vw, 721px\" \/><\/figure>\n\n\n\n<figure class=\"wp-block-image size-large is-resized\"><img loading=\"lazy\" decoding=\"async\" width=\"729\" height=\"1024\" src=\"https:\/\/www.synagogue-montevideo31.com\/wp-content\/uploads\/2020\/09\/CouvertureMagazineN\u00b050-729x1024.jpg\" alt=\"\" class=\"wp-image-1573\" style=\"width:721px;height:undefinedpx\" srcset=\"https:\/\/www.synagogue-montevideo31.com\/wp-content\/uploads\/2020\/09\/CouvertureMagazineN\u00b050-729x1024.jpg 729w, https:\/\/www.synagogue-montevideo31.com\/wp-content\/uploads\/2020\/09\/CouvertureMagazineN\u00b050-213x300.jpg 213w, https:\/\/www.synagogue-montevideo31.com\/wp-content\/uploads\/2020\/09\/CouvertureMagazineN\u00b050-768x1079.jpg 768w, https:\/\/www.synagogue-montevideo31.com\/wp-content\/uploads\/2020\/09\/CouvertureMagazineN\u00b050-600x843.jpg 600w, https:\/\/www.synagogue-montevideo31.com\/wp-content\/uploads\/2020\/09\/CouvertureMagazineN\u00b050.jpg 1058w\" sizes=\"auto, (max-width: 729px) 100vw, 729px\" \/><\/figure>\n\n\n\n<figure class=\"wp-block-image size-large\"><img loading=\"lazy\" decoding=\"async\" width=\"722\" height=\"1024\" src=\"https:\/\/www.synagogue-montevideo32.fr\/wp-content\/uploads\/2020\/06\/Capture-d\u2019e\u0301cran-2020-06-12-a\u0300-15.28.58-722x1024.png\" alt=\"\" class=\"wp-image-275\" srcset=\"https:\/\/www.synagogue-montevideo31.com\/wp-content\/uploads\/2020\/06\/Capture-d\u2019e\u0301cran-2020-06-12-a\u0300-15.28.58-722x1024.png 722w, https:\/\/www.synagogue-montevideo31.com\/wp-content\/uploads\/2020\/06\/Capture-d\u2019e\u0301cran-2020-06-12-a\u0300-15.28.58-600x851.png 600w, https:\/\/www.synagogue-montevideo31.com\/wp-content\/uploads\/2020\/06\/Capture-d\u2019e\u0301cran-2020-06-12-a\u0300-15.28.58-212x300.png 212w, https:\/\/www.synagogue-montevideo31.com\/wp-content\/uploads\/2020\/06\/Capture-d\u2019e\u0301cran-2020-06-12-a\u0300-15.28.58-768x1089.png 768w, https:\/\/www.synagogue-montevideo31.com\/wp-content\/uploads\/2020\/06\/Capture-d\u2019e\u0301cran-2020-06-12-a\u0300-15.28.58.png 784w\" sizes=\"auto, (max-width: 722px) 100vw, 722px\" \/><\/figure>\n<\/div>\n<\/div>\n\n\n\n<p>&nbsp;<\/p>\n\n\n","protected":false},"excerpt":{"rendered":"<p>Vous trouverez sur cette page les diff\u00e9rents magazines \u00e9dit\u00e9s par la Communaut\u00e9, du plus r\u00e9cent, au plus ancien. Bonne lecture ! Le N\u00b072 (avril 2026) Le N\u00b071 (d\u00e9cembre 2025) Le N\u00b070 (septembre 2025) Le N\u00b069 (juin 2025) Le N\u00b068 (avril 2025) Le N\u00b067 (d\u00e9cembre 2024) Le N\u00b066 (septembre 2024) Le N\u00b065 (juin 2024) Le N\u00b064 (avril 2024) Le N\u00b063 (d\u00e9cembre 2023) Le N\u00b062 (septembre 2023) Le N\u00b061 (juin 2023) Le N\u00b060 (avril 2023) Le N\u00b059 (d\u00e9cembre 2022) Le N\u00b058 (septembre 2022) Le N\u00b057 (juin 2022) Le N\u00b056 (avril 2022) Le N\u00b055 (d\u00e9cembre 2021) Le N\u00b054 (septembre 2021) Le N\u00b053 (juin&#8230; <\/p>\n","protected":false},"author":1,"featured_media":0,"parent":0,"menu_order":0,"comment_status":"closed","ping_status":"closed","template":"template-parts\/page-template-full-width.php","meta":{"footnotes":""},"class_list":["post-251","page","type-page","status-publish","hentry"],"_links":{"self":[{"href":"https:\/\/www.synagogue-montevideo31.com\/index.php?rest_route=\/wp\/v2\/pages\/251","targetHints":{"allow":["GET"]}}],"collection":[{"href":"https:\/\/www.synagogue-montevideo31.com\/index.php?rest_route=\/wp\/v2\/pages"}],"about":[{"href":"https:\/\/www.synagogue-montevideo31.com\/index.php?rest_route=\/wp\/v2\/types\/page"}],"author":[{"embeddable":true,"href":"https:\/\/www.synagogue-montevideo31.com\/index.php?rest_route=\/wp\/v2\/users\/1"}],"replies":[{"embeddable":true,"href":"https:\/\/www.synagogue-montevideo31.com\/index.php?rest_route=%2Fwp%2Fv2%2Fcomments&post=251"}],"version-history":[{"count":109,"href":"https:\/\/www.synagogue-montevideo31.com\/index.php?rest_route=\/wp\/v2\/pages\/251\/revisions"}],"predecessor-version":[{"id":5170,"href":"https:\/\/www.synagogue-montevideo31.com\/index.php?rest_route=\/wp\/v2\/pages\/251\/revisions\/5170"}],"wp:attachment":[{"href":"https:\/\/www.synagogue-montevideo31.com\/index.php?rest_route=%2Fwp%2Fv2%2Fmedia&parent=251"}],"curies":[{"name":"wp","href":"https:\/\/api.w.org\/{rel}","templated":true}]}}