{"id":1221,"date":"2020-08-23T23:40:47","date_gmt":"2020-08-23T21:40:47","guid":{"rendered":"http:\/\/www.synagogue-montevideo32.fr\/?page_id=1221"},"modified":"2020-09-03T00:06:33","modified_gmt":"2020-09-02T22:06:33","slug":"ccew-centre-communautaire","status":"publish","type":"page","link":"https:\/\/www.synagogue-montevideo31.com\/?page_id=1221","title":{"rendered":"CCEW (Centre Communautaire Edmond Weil)"},"content":{"rendered":"\n<div class=\"wp-block-cover has-background-dim\" style=\"background-image:url(http:\/\/www.synagogue-montevideo32.fr\/wp-content\/uploads\/2020\/06\/Shule-Juin-2020-Hanoucciah-scaled.jpg);min-height:153px;aspect-ratio:unset;\"><div class=\"wp-block-cover__inner-container is-layout-flow wp-block-cover-is-layout-flow\">\n<p class=\"has-text-align-center has-large-font-size\"><\/p>\n<\/div><\/div>\n\n\n\n<div style=\"height:47px\" aria-hidden=\"true\" class=\"wp-block-spacer\"><\/div>\n\n\n\n<div class=\"wp-block-columns is-layout-flex wp-container-core-columns-is-layout-9d6595d7 wp-block-columns-is-layout-flex\">\n<div class=\"wp-block-column is-layout-flow wp-block-column-is-layout-flow\">\n<p>Le Centre Communautaire Edmond Weil (CCEW), organise des activit\u00e9s culturelles, pour un large public d\u00e9passant le cadre g\u00e9ographique du 16\u00e8me arrondissement.<\/p>\n\n\n\n<ul>\n<li>Cercle de lecture mensuel,<\/li>\n<li>Conf\u00e9rences sur des sujets en lien avec le juda\u00efsme,<\/li>\n<li>Visites d&#8217;exposition, spectacles, th\u00e9\u00e2tre,<\/li>\n<li>Oulpan (LAVI),<\/li>\n<li>Atelier cuisine,<\/li>\n<li>Voyages<\/li>\n<\/ul>\n\n\n\n<p>En janvier 2020, nous avons organis\u00e9 une grande exposition sur la bande dessin\u00e9e (Shoah, identit\u00e9 juive et Isra\u00ebl), avec la participation exceptionnelle du Grand Rabbin de France Ha\u00efm Korsia.<\/p>\n\n\n\n<p><br>Pendant le confinement, le CCEW s&#8217;est transport\u00e9 sur Zoom, nous avons enrichi notre offre d&#8217;activit\u00e9s et avons lanc\u00e9 un vaste programme alternant conf\u00e9rences sur les f\u00eates juives du moment ou sur des sujets d&#8217;actualit\u00e9, commentaires sur la paracha de la semaine, avec un cycle de conf\u00e9rences sur les grands d\u00e9fis du juda\u00efsme&nbsp;du XXI\u00e8me si\u00e8cle avec Emmanuel Bloch depuis New-York, et un autre cycle&nbsp;sur les grands d\u00e9bats halakhiques contemporains avec le Rav Mikhael Benadmon depuis J\u00e9rusalem.Nous avons eu le privil\u00e8ge de recevoir sur Zoom plusieurs conf\u00e9renciers isra\u00e9liens francophones, comme le professeur David Banon, Yehouda Bitty, Micha\u00ebl Wygoda et Shmouel Wygoda. <\/p>\n\n\n\n<p>Une grande soir\u00e9e musicale isra\u00e9lienne (Erev Chira) a \u00e9t\u00e9 organis\u00e9e pour la f\u00eate de la musique avec la participation de nombreux artistes amateurs et professionnels. Les soir\u00e9es pour Yom Hashoah et pour Yom Haatzmaout ont \u00e9t\u00e9 organis\u00e9es en coop\u00e9ration avec l&#8217;OSE et les Bonds Isra\u00ebl. Les cours, conf\u00e9rences et autres c\u00e9l\u00e9brations sont disponibles en replay sur ce site.&nbsp;Chaque matin et chaque soir de la semaine, des offices sur zoom anim\u00e9s respectivement par le Professeur Claude Riveline et par le Grand Rabbin Alain Goldmann, ont permis aux personnes qui voulaient prier ensemble de se retrouver et de briser la solitude en cr\u00e9ant un espace de communication et d&#8217;\u00e9change.<\/p>\n\n\n\n<p><br>Par ailleurs, nous avons d\u00e9velopp\u00e9 un partenariat avec l&#8217;EJAF&nbsp;(Etudes juives au f\u00e9minin), afin de partager des conf\u00e9rences pr\u00e9sentant un int\u00e9r\u00eat pour nos deux publics. Nous avons organis\u00e9 plusieurs activit\u00e9s avec la Grande Synagogue de la Victoire.<\/p>\n\n\n\n<p>Tout ceci s&#8217;ajoute \u00e0 la collaboration d\u00e9j\u00e0 ancienne avec l&#8217;Institut Elie Wiesel, qui dispense chaque ann\u00e9e des cours et des conf\u00e9rences&nbsp;dans nos locaux dans le cadre de l&#8217;antenne Ouest-parisien de cet Institut. Les cours de l&#8217;Institut d\u00e9butent chaque ann\u00e9e par une conf\u00e9rence prestigieuse attirant un tr\u00e8s large public. Ainsi en 2019, un hommage \u00e0 Emeric Deutsch, psychanalyste, ancien pr\u00e9sident de notre communaut\u00e9, a \u00e9t\u00e9 organis\u00e9 \u00e0 la mairie du 16\u00e8me arrondissement en pr\u00e9sence du Grand Rabbin de France, de la maire de l&#8217;arrondissement et des orateurs invit\u00e9s pour cette occasion.<\/p>\n<\/div>\n\n\n\n<div class=\"wp-block-column is-layout-flow wp-block-column-is-layout-flow\">\n<figure class=\"wp-block-image size-large\"><img loading=\"lazy\" decoding=\"async\" width=\"1024\" height=\"768\" src=\"http:\/\/www.synagogue-montevideo32.fr\/wp-content\/uploads\/2020\/08\/Grand-Rabbin-Korsia-1024x768.jpg\" alt=\"\" class=\"wp-image-1223\" srcset=\"https:\/\/www.synagogue-montevideo31.com\/wp-content\/uploads\/2020\/08\/Grand-Rabbin-Korsia-1024x768.jpg 1024w, https:\/\/www.synagogue-montevideo31.com\/wp-content\/uploads\/2020\/08\/Grand-Rabbin-Korsia-300x225.jpg 300w, https:\/\/www.synagogue-montevideo31.com\/wp-content\/uploads\/2020\/08\/Grand-Rabbin-Korsia-768x576.jpg 768w, https:\/\/www.synagogue-montevideo31.com\/wp-content\/uploads\/2020\/08\/Grand-Rabbin-Korsia-1536x1152.jpg 1536w, https:\/\/www.synagogue-montevideo31.com\/wp-content\/uploads\/2020\/08\/Grand-Rabbin-Korsia-600x450.jpg 600w, https:\/\/www.synagogue-montevideo31.com\/wp-content\/uploads\/2020\/08\/Grand-Rabbin-Korsia.jpg 1600w\" sizes=\"auto, (max-width: 1024px) 100vw, 1024px\" \/><figcaption>Hommage \u00e0 Emeric Deutsch avec le Grand Rabbin de France (Ha\u00efm Korsia)<\/figcaption><\/figure>\n\n\n\n<figure class=\"wp-block-image size-large\"><img loading=\"lazy\" decoding=\"async\" width=\"1024\" height=\"683\" src=\"http:\/\/www.synagogue-montevideo32.fr\/wp-content\/uploads\/2020\/08\/Erev-Chira-1024x683.jpg\" alt=\"\" class=\"wp-image-1224\" srcset=\"https:\/\/www.synagogue-montevideo31.com\/wp-content\/uploads\/2020\/08\/Erev-Chira-1024x683.jpg 1024w, https:\/\/www.synagogue-montevideo31.com\/wp-content\/uploads\/2020\/08\/Erev-Chira-300x200.jpg 300w, https:\/\/www.synagogue-montevideo31.com\/wp-content\/uploads\/2020\/08\/Erev-Chira-768x512.jpg 768w, https:\/\/www.synagogue-montevideo31.com\/wp-content\/uploads\/2020\/08\/Erev-Chira-1536x1024.jpg 1536w, https:\/\/www.synagogue-montevideo31.com\/wp-content\/uploads\/2020\/08\/Erev-Chira-2048x1365.jpg 2048w, https:\/\/www.synagogue-montevideo31.com\/wp-content\/uploads\/2020\/08\/Erev-Chira-600x400.jpg 600w\" sizes=\"auto, (max-width: 1024px) 100vw, 1024px\" \/><figcaption>Erev Chira sur Zoom le 20 juin 2020 pendant le confinement<\/figcaption><\/figure>\n\n\n\n<figure class=\"wp-block-image size-large\"><img loading=\"lazy\" decoding=\"async\" width=\"1024\" height=\"683\" src=\"http:\/\/www.synagogue-montevideo32.fr\/wp-content\/uploads\/2020\/08\/Anael-1024x683.jpg\" alt=\"\" class=\"wp-image-1225\" srcset=\"https:\/\/www.synagogue-montevideo31.com\/wp-content\/uploads\/2020\/08\/Anael-1024x683.jpg 1024w, https:\/\/www.synagogue-montevideo31.com\/wp-content\/uploads\/2020\/08\/Anael-300x200.jpg 300w, https:\/\/www.synagogue-montevideo31.com\/wp-content\/uploads\/2020\/08\/Anael-768x512.jpg 768w, https:\/\/www.synagogue-montevideo31.com\/wp-content\/uploads\/2020\/08\/Anael-1536x1024.jpg 1536w, https:\/\/www.synagogue-montevideo31.com\/wp-content\/uploads\/2020\/08\/Anael-2048x1365.jpg 2048w, https:\/\/www.synagogue-montevideo31.com\/wp-content\/uploads\/2020\/08\/Anael-600x400.jpg 600w\" sizes=\"auto, (max-width: 1024px) 100vw, 1024px\" \/><figcaption>Erev Chira &#8211; Anaelle Soussan et son orchestre<\/figcaption><\/figure>\n<\/div>\n<\/div>\n\n\n\n<div style=\"height:40px\" aria-hidden=\"true\" class=\"wp-block-spacer\"><\/div>\n\n\n\n<p>Ci-dessous d&#8217;autres photos d&#8217;\u00e9v\u00e9nements :<\/p>\n\n\n\n<style id=\"bwg-style-0\">    #bwg_container1_0 #bwg_container2_0 .bwg-container-0.bwg-standard-thumbnails {      width: 1254px;              justify-content: center;        margin:0 auto !important;              background-color: rgba(255, 255, 255, 0.00);            padding-left: 4px;      padding-top: 4px;      max-width: 100%;            }        #bwg_container1_0 #bwg_container2_0 .bwg-container-0.bwg-standard-thumbnails .bwg-item {    justify-content: flex-start;      max-width: 250px;          }    #bwg_container1_0 #bwg_container2_0 .bwg-container-0.bwg-standard-thumbnails .bwg-item a {       margin-right: 4px;       margin-bottom: 4px;    }    #bwg_container1_0 #bwg_container2_0 .bwg-container-0.bwg-standard-thumbnails .bwg-item0 {      padding: 0px;            background-color:rgba(0,0,0, 0.30);      border: 0px none #CCCCCC;      opacity: 1.00;      border-radius: 0;      box-shadow: ;    }    #bwg_container1_0 #bwg_container2_0 .bwg-container-0.bwg-standard-thumbnails .bwg-item1 img {      max-height: none;      max-width: none;      padding: 0 !important;    }         @media only screen and (min-width: 480px) {\t\t#bwg_container1_0 #bwg_container2_0 .bwg-container-0.bwg-standard-thumbnails .bwg-item1 img {\t\t\t-webkit-transition: all .3s; transition: all .3s;\t\t}\t\t#bwg_container1_0 #bwg_container2_0 .bwg-container-0.bwg-standard-thumbnails .bwg-item1 img:hover {\t\t\t-ms-transform: scale(1.08);\t\t\t-webkit-transform: scale(1.08);\t\t\ttransform: scale(1.08);\t\t}\t\t\t\t.bwg-standard-thumbnails .bwg-zoom-effect .bwg-zoom-effect-overlay {\t\t\t\t\t\tbackground-color:rgba(0,0,0, 0.3);\t\t}\t\t.bwg-standard-thumbnails .bwg-zoom-effect:hover img {\t\t\t-ms-transform: scale(1.08);\t\t\t-webkit-transform: scale(1.08);\t\t\ttransform: scale(1.08);\t\t}\t\t      }\t    #bwg_container1_0 #bwg_container2_0 .bwg-container-0.bwg-standard-thumbnails .bwg-item1 {      padding-top: 56%;    }        #bwg_container1_0 #bwg_container2_0 .bwg-container-0.bwg-standard-thumbnails .bwg-title1 {      position: absolute;      top: 0;      z-index: 100;      width: 100%;      height: 100%;      display: flex;      justify-content: center;      align-content: center;      flex-direction: column;      opacity: 0;    }\t      #bwg_container1_0 #bwg_container2_0 .bwg-container-0.bwg-standard-thumbnails .bwg-title2,    #bwg_container1_0 #bwg_container2_0 .bwg-container-0.bwg-standard-thumbnails .bwg-ecommerce2 {      color: #FFFFFF;      font-family: Ubuntu;      font-size: 16px;      font-weight: bold;      padding: 2px;      text-shadow: ;      max-height: 100%;    }    #bwg_container1_0 #bwg_container2_0 .bwg-container-0.bwg-standard-thumbnails .bwg-thumb-description span {    color: #323A45;    font-family: Ubuntu;    font-size: 12px;    max-height: 100%;    word-wrap: break-word;    }    #bwg_container1_0 #bwg_container2_0 .bwg-container-0.bwg-standard-thumbnails .bwg-play-icon2 {      font-size: 32px;    }    #bwg_container1_0 #bwg_container2_0 .bwg-container-0.bwg-standard-thumbnails .bwg-ecommerce2 {      font-size: 19.2px;      color: #323A45;    }    <\/style>    <div id=\"bwg_container1_0\"         class=\"bwg_container bwg_thumbnail bwg_thumbnails \"         data-right-click-protection=\"0\"         data-bwg=\"0\"         data-scroll=\"0\"         data-gallery-type=\"thumbnails\"         data-gallery-view-type=\"thumbnails\"         data-current-url=\"\/index.php?rest_route=%2Fwp%2Fv2%2Fpages%2F1221\"         data-lightbox-url=\"https:\/\/www.synagogue-montevideo31.com\/wp-admin\/admin-ajax.php?action=GalleryBox&#038;current_view=0&#038;gallery_id=9&#038;tag=0&#038;theme_id=1&#038;shortcode_id=25&#038;sort_by=order&#038;order_by=asc&#038;current_url=%2Findex.php%3Frest_route%3D%252Fwp%252Fv2%252Fpages%252F1221\"         data-gallery-id=\"9\"         data-popup-width=\"800\"         data-popup-height=\"500\"         data-is-album=\"gallery\"         data-buttons-position=\"bottom\">      <div id=\"bwg_container2_0\">             <div id=\"ajax_loading_0\" class=\"bwg_loading_div_1\">      <div class=\"bwg_loading_div_2\">        <div class=\"bwg_loading_div_3\">          <div id=\"loading_div_0\" class=\"bwg_spider_ajax_loading\">          <\/div>        <\/div>      <\/div>    <\/div>            <form id=\"gal_front_form_0\"              class=\"bwg-hidden\"              method=\"post\"              action=\"#\"              data-current=\"0\"              data-shortcode-id=\"25\"              data-gallery-type=\"thumbnails\"              data-gallery-id=\"9\"              data-tag=\"0\"              data-album-id=\"0\"              data-theme-id=\"1\"              data-ajax-url=\"https:\/\/www.synagogue-montevideo31.com\/wp-admin\/admin-ajax.php?action=bwg_frontend_data\">          <div id=\"bwg_container3_0\" class=\"bwg-background bwg-background-0\">                <div data-max-count=\"5\"         data-thumbnail-width=\"250\"         data-bwg=\"0\"         data-gallery-id=\"9\"         data-lightbox-url=\"https:\/\/www.synagogue-montevideo31.com\/wp-admin\/admin-ajax.php?action=GalleryBox&amp;current_view=0&amp;gallery_id=9&amp;tag=0&amp;theme_id=1&amp;shortcode_id=25&amp;sort_by=order&amp;order_by=asc&amp;current_url=%2Findex.php%3Frest_route%3D%252Fwp%252Fv2%252Fpages%252F1221\"         id=\"bwg_thumbnails_0\"         class=\"bwg-container-0 bwg-thumbnails bwg-standard-thumbnails bwg-container bwg-border-box\">            <div class=\"bwg-item\">        <a class=\"bwg-a  bwg_lightbox\"  data-image-id=\"83\" href=\"https:\/\/www.synagogue-montevideo31.com\/wp-content\/uploads\/photo-gallery\/Club_de_lecture_2_(1_sur_1).jpg?bwg=1598219253\" data-elementor-open-lightbox=\"no\">                <div class=\"bwg-item0 \">          <div class=\"bwg-item1 bwg-zoom-effect\">            <div class=\"bwg-item2\">              <img decoding=\"async\" class=\"skip-lazy bwg_standart_thumb_img_0 \"                   data-id=\"83\"                   data-width=\"500\"                   data-height=\"315\"                   data-src=\"https:\/\/www.synagogue-montevideo31.com\/wp-content\/uploads\/photo-gallery\/thumb\/Club_de_lecture_2_(1_sur_1).jpg?bwg=1598219253\"                   src=\"https:\/\/www.synagogue-montevideo31.com\/wp-content\/uploads\/photo-gallery\/thumb\/Club_de_lecture_2_(1_sur_1).jpg?bwg=1598219253\"                   alt=\"Club de lecture - 2018\"                   title=\"Club de lecture - 2018\" \/>            <\/div>            <div class=\"bwg-zoom-effect-overlay\">              <div class=\"bwg-title1\"><div class=\"bwg-title2\">Club de lecture - 2018<\/div><\/div>                                        <\/div>          <\/div>        <\/div>                        <\/a>              <\/div>            <div class=\"bwg-item\">        <a class=\"bwg-a  bwg_lightbox\"  data-image-id=\"82\" href=\"https:\/\/www.synagogue-montevideo31.com\/wp-content\/uploads\/photo-gallery\/Activite\u0301_BD-2.jpg?bwg=1598219253\" data-elementor-open-lightbox=\"no\">                <div class=\"bwg-item0 \">          <div class=\"bwg-item1 bwg-zoom-effect\">            <div class=\"bwg-item2\">              <img decoding=\"async\" class=\"skip-lazy bwg_standart_thumb_img_0 \"                   data-id=\"82\"                   data-width=\"500\"                   data-height=\"375\"                   data-src=\"https:\/\/www.synagogue-montevideo31.com\/wp-content\/uploads\/photo-gallery\/thumb\/Activite\u0301_BD-2.jpg?bwg=1598219253\"                   src=\"https:\/\/www.synagogue-montevideo31.com\/wp-content\/uploads\/photo-gallery\/thumb\/Activite\u0301_BD-2.jpg?bwg=1598219253\"                   alt=\"Activite\u0301 BD - Janvier 2020\"                   title=\"Activite\u0301 BD - Janvier 2020\" \/>            <\/div>            <div class=\"bwg-zoom-effect-overlay\">              <div class=\"bwg-title1\"><div class=\"bwg-title2\">Activite\u0301 BD - Janvier 2020<\/div><\/div>                                        <\/div>          <\/div>        <\/div>                        <\/a>              <\/div>            <div class=\"bwg-item\">        <a class=\"bwg-a  bwg_lightbox\"  data-image-id=\"81\" href=\"https:\/\/www.synagogue-montevideo31.com\/wp-content\/uploads\/photo-gallery\/Jewish_code_(2_sur_5).jpg?bwg=1598219253\" data-elementor-open-lightbox=\"no\">                <div class=\"bwg-item0 \">          <div class=\"bwg-item1 bwg-zoom-effect\">            <div class=\"bwg-item2\">              <img decoding=\"async\" class=\"skip-lazy bwg_standart_thumb_img_0 \"                   data-id=\"81\"                   data-width=\"500\"                   data-height=\"375\"                   data-src=\"https:\/\/www.synagogue-montevideo31.com\/wp-content\/uploads\/photo-gallery\/thumb\/Jewish_code_(2_sur_5).jpg?bwg=1598219253\"                   src=\"https:\/\/www.synagogue-montevideo31.com\/wp-content\/uploads\/photo-gallery\/thumb\/Jewish_code_(2_sur_5).jpg?bwg=1598219253\"                   alt=\"Jewish code au Louvre - d\u00e9cembre 2018\"                   title=\"Jewish code au Louvre - d\u00e9cembre 2018\" \/>            <\/div>            <div class=\"bwg-zoom-effect-overlay\">              <div class=\"bwg-title1\"><div class=\"bwg-title2\">Jewish code au Louvre - d\u00e9cembre 2018<\/div><\/div>                                        <\/div>          <\/div>        <\/div>                        <\/a>              <\/div>            <div class=\"bwg-item\">        <a class=\"bwg-a  bwg_lightbox\"  data-image-id=\"78\" href=\"https:\/\/www.synagogue-montevideo31.com\/wp-content\/uploads\/photo-gallery\/Hommage_a\u0300_Emeric_Deutsch_-_Mairie_du_16e\u0300me.jpg?bwg=1598219253\" data-elementor-open-lightbox=\"no\">                <div class=\"bwg-item0 \">          <div class=\"bwg-item1 bwg-zoom-effect\">            <div class=\"bwg-item2\">              <img decoding=\"async\" class=\"skip-lazy bwg_standart_thumb_img_0 \"                   data-id=\"78\"                   data-width=\"500\"                   data-height=\"375\"                   data-src=\"https:\/\/www.synagogue-montevideo31.com\/wp-content\/uploads\/photo-gallery\/thumb\/Hommage_a\u0300_Emeric_Deutsch_-_Mairie_du_16e\u0300me.jpg?bwg=1598219253\"                   src=\"https:\/\/www.synagogue-montevideo31.com\/wp-content\/uploads\/photo-gallery\/thumb\/Hommage_a\u0300_Emeric_Deutsch_-_Mairie_du_16e\u0300me.jpg?bwg=1598219253\"                   alt=\"Hommage a\u0300 Emeric Deutsch - Septembre 2019\"                   title=\"Hommage a\u0300 Emeric Deutsch - Septembre 2019\" \/>            <\/div>            <div class=\"bwg-zoom-effect-overlay\">              <div class=\"bwg-title1\"><div class=\"bwg-title2\">Hommage a\u0300 Emeric Deutsch - Septembre 2019<\/div><\/div>                                        <\/div>          <\/div>        <\/div>                        <\/a>              <\/div>            <div class=\"bwg-item\">        <a class=\"bwg-a  bwg_lightbox\"  data-image-id=\"79\" href=\"https:\/\/www.synagogue-montevideo31.com\/wp-content\/uploads\/photo-gallery\/Expo_BD.jpg?bwg=1598219253\" data-elementor-open-lightbox=\"no\">                <div class=\"bwg-item0 \">          <div class=\"bwg-item1 bwg-zoom-effect\">            <div class=\"bwg-item2\">              <img decoding=\"async\" class=\"skip-lazy bwg_standart_thumb_img_0 \"                   data-id=\"79\"                   data-width=\"500\"                   data-height=\"375\"                   data-src=\"https:\/\/www.synagogue-montevideo31.com\/wp-content\/uploads\/photo-gallery\/thumb\/Expo_BD.jpg?bwg=1598219253\"                   src=\"https:\/\/www.synagogue-montevideo31.com\/wp-content\/uploads\/photo-gallery\/thumb\/Expo_BD.jpg?bwg=1598219253\"                   alt=\"Expo BD - Janvier 2020\"                   title=\"Expo BD - Janvier 2020\" \/>            <\/div>            <div class=\"bwg-zoom-effect-overlay\">              <div class=\"bwg-title1\"><div class=\"bwg-title2\">Expo BD - Janvier 2020<\/div><\/div>                                        <\/div>          <\/div>        <\/div>                        <\/a>              <\/div>          <\/div>    <style>      \/*pagination styles*\/      #bwg_container1_0 #bwg_container2_0 .tablenav-pages_0 {\t\t\t\ttext-align: center;\t\t\t\tfont-size: 12px;\t\t\t\tfont-family: Ubuntu;\t\t\t\tfont-weight: bold;\t\t\t\tcolor: #666666;\t\t\t\tmargin: 6px 0 4px;\t\t\t\tdisplay: block;      }      @media only screen and (max-width : 320px) {      #bwg_container1_0 #bwg_container2_0 .displaying-num_0 {     \t display: none;      }      }      #bwg_container1_0 #bwg_container2_0 .displaying-num_0 {\t\t\t\tfont-size: 12px;\t\t\t\tfont-family: Ubuntu;\t\t\t\tfont-weight: bold;\t\t\t\tcolor: #666666;\t\t\t\tmargin-right: 10px;\t\t\t\tvertical-align: middle;      }      #bwg_container1_0 #bwg_container2_0 .paging-input_0 {\t\t\t\tfont-size: 12px;\t\t\t\tfont-family: Ubuntu;\t\t\t\tfont-weight: bold;\t\t\t\tcolor: #666666;\t\t\t\tvertical-align: middle;      }      #bwg_container1_0 #bwg_container2_0 .tablenav-pages_0 a.disabled,      #bwg_container1_0 #bwg_container2_0 .tablenav-pages_0 a.disabled:hover,      #bwg_container1_0 #bwg_container2_0 .tablenav-pages_0 a.disabled:focus,\t\t\t#bwg_container1_0 #bwg_container2_0 .tablenav-pages_0 input.bwg_current_page {\t\t\t\tcursor: default;\t\t\t\tcolor: rgba(102, 102, 102, 0.5);      }      #bwg_container1_0 #bwg_container2_0 .tablenav-pages_0 a,      #bwg_container1_0 #bwg_container2_0 .tablenav-pages_0 input.bwg_current_page {\t\t\t\tcursor: pointer;\t\t\t\ttext-align: center;\t\t\t\tfont-size: 12px;\t\t\t\tfont-family: Ubuntu;\t\t\t\tfont-weight: bold;\t\t\t\tcolor: #666666;\t\t\t\ttext-decoration: none;\t\t\t\tpadding: 3px 6px;\t\t\t\tmargin: 0;\t\t\t\tborder-radius: 0;\t\t\t\tborder-style: solid;\t\t\t\tborder-width: 1px;\t\t\t\tborder-color: #E3E3E3;\t\t\t\t\t\t\t\tbackground-color: rgba(255, 255, 255, 1.00);\t\t\t\tbox-shadow: 0;\t\t\t\ttransition: all 0.3s ease 0s;-webkit-transition: all 0.3s ease 0s;      }      <\/style>      <span class=\"bwg_nav_cont_0\">              <div class=\"tablenav-pages_0\">                  <\/div>                <input type=\"hidden\" id=\"page_number_0\" name=\"page_number_0\" value=\"1\" \/>      <script type=\"text\/javascript\">        if( jQuery('.bwg_nav_cont_0').length > 1 ) {          jQuery('.bwg_nav_cont_0').first().remove()        }        function spider_page_0(cur, x, y, load_more) {          if (typeof load_more == \"undefined\") {            var load_more = false;          }          if (jQuery(cur).hasClass('disabled')) {            return false;          }          var items_county_0 = 1;          switch (y) {            case 1:              if (x >= items_county_0) {                document.getElementById('page_number_0').value = items_county_0;              }              else {                document.getElementById('page_number_0').value = x + 1;              }              break;            case 2:              document.getElementById('page_number_0').value = items_county_0;              break;            case -1:              if (x == 1) {                document.getElementById('page_number_0').value = 1;              }              else {                document.getElementById('page_number_0').value = x - 1;              }              break;            case -2:              document.getElementById('page_number_0').value = 1;              break;\t\t\t\t\t\tcase 0:              document.getElementById('page_number_0').value = x;              break;            default:              document.getElementById('page_number_0').value = 1;          }          bwg_ajax('gal_front_form_0', '0', 'bwg_thumbnails_0', '0', '', 'gallery', 0, '', '', load_more, '', 1);        }                    jQuery('.first-page-0').on('click', function () {              spider_page_0(this, 1, -2, 'numeric');              return false;            });            jQuery('.prev-page-0').on('click', function () {              spider_page_0(this, 1, -1, 'numeric');              return false;            });            jQuery('.next-page-0').on('click', function () {              spider_page_0(this, 1, 1, 'numeric');              return false;            });            jQuery('.last-page-0').on('click', function () {              spider_page_0(this, 1, 2, 'numeric');              return false;            });        \t\t\t\t\/* Change page on input enter. *\/        function bwg_change_page_0( e, that ) {          if (  e.key == 'Enter' ) {            var to_page = parseInt(jQuery(that).val());            var pages_count = jQuery(that).parents(\".pagination-links\").data(\"pages-count\");            var current_url_param = jQuery(that).attr('data-url-info');            if (to_page > pages_count) {              to_page = 1;            }\t \t\t\t\t\t\t\t\t\t\t\t\tspider_page_0(this, to_page, 0, 'numeric');\t\t\t\t\t\t\treturn false;\t\t\t\t\t\t          }          return true;        }        jQuery('.bwg_load_btn_0').on('click', function () {            spider_page_0(this, 1, 1, true);            return false;        });      <\/script>      <\/span>                <\/div>        <\/form>        <style>          #bwg_container1_0 #bwg_container2_0 #spider_popup_overlay_0 {          background-color: #EEEEEE;          opacity: 0.60;          }          <\/style>        <div id=\"bwg_spider_popup_loading_0\" class=\"bwg_spider_popup_loading\"><\/div>        <div id=\"spider_popup_overlay_0\" class=\"spider_popup_overlay\" onclick=\"spider_destroypopup(1000)\"><\/div>        <input type=\"hidden\" id=\"bwg_random_seed_0\" value=\"2102781971\">                <\/div>    <\/div>    <script>      if (document.readyState === 'complete') {        if( typeof bwg_main_ready == 'function' ) {          if ( jQuery(\"#bwg_container1_0\").height() ) {            bwg_main_ready(jQuery(\"#bwg_container1_0\"));          }        }      } else {        document.addEventListener('DOMContentLoaded', function() {          if( typeof bwg_main_ready == 'function' ) {            if ( jQuery(\"#bwg_container1_0\").height() ) {             bwg_main_ready(jQuery(\"#bwg_container1_0\"));            }          }        });      }    <\/script>    \n","protected":false},"excerpt":{"rendered":"<p>Le Centre Communautaire Edmond Weil (CCEW), organise des activit\u00e9s culturelles, pour un large public d\u00e9passant le cadre g\u00e9ographique du 16\u00e8me arrondissement. Cercle de lecture mensuel, Conf\u00e9rences sur des sujets en lien avec le juda\u00efsme, Visites d&#8217;exposition, spectacles, th\u00e9\u00e2tre, Oulpan (LAVI), Atelier cuisine, Voyages En janvier 2020, nous avons organis\u00e9 une grande exposition sur la bande dessin\u00e9e (Shoah, identit\u00e9 juive et Isra\u00ebl), avec la participation exceptionnelle du Grand Rabbin de France Ha\u00efm Korsia. Pendant le confinement, le CCEW s&#8217;est transport\u00e9 sur Zoom, nous avons enrichi notre offre d&#8217;activit\u00e9s et avons lanc\u00e9 un vaste programme alternant conf\u00e9rences sur les f\u00eates juives du&#8230; <\/p>\n","protected":false},"author":1,"featured_media":0,"parent":0,"menu_order":0,"comment_status":"closed","ping_status":"closed","template":"template-parts\/page-template-full-width.php","meta":{"footnotes":""},"class_list":["post-1221","page","type-page","status-publish","hentry"],"_links":{"self":[{"href":"https:\/\/www.synagogue-montevideo31.com\/index.php?rest_route=\/wp\/v2\/pages\/1221","targetHints":{"allow":["GET"]}}],"collection":[{"href":"https:\/\/www.synagogue-montevideo31.com\/index.php?rest_route=\/wp\/v2\/pages"}],"about":[{"href":"https:\/\/www.synagogue-montevideo31.com\/index.php?rest_route=\/wp\/v2\/types\/page"}],"author":[{"embeddable":true,"href":"https:\/\/www.synagogue-montevideo31.com\/index.php?rest_route=\/wp\/v2\/users\/1"}],"replies":[{"embeddable":true,"href":"https:\/\/www.synagogue-montevideo31.com\/index.php?rest_route=%2Fwp%2Fv2%2Fcomments&post=1221"}],"version-history":[{"count":10,"href":"https:\/\/www.synagogue-montevideo31.com\/index.php?rest_route=\/wp\/v2\/pages\/1221\/revisions"}],"predecessor-version":[{"id":1330,"href":"https:\/\/www.synagogue-montevideo31.com\/index.php?rest_route=\/wp\/v2\/pages\/1221\/revisions\/1330"}],"wp:attachment":[{"href":"https:\/\/www.synagogue-montevideo31.com\/index.php?rest_route=%2Fwp%2Fv2%2Fmedia&parent=1221"}],"curies":[{"name":"wp","href":"https:\/\/api.w.org\/{rel}","templated":true}]}}